{"id":7502,"date":"2023-09-12T11:55:23","date_gmt":"2023-09-12T11:55:23","guid":{"rendered":"https:\/\/barbacoas-argentinas.com\/contatto\/"},"modified":"2025-10-27T18:25:00","modified_gmt":"2025-10-27T18:25:00","slug":"contatto","status":"publish","type":"page","link":"https:\/\/barbacoas-argentinas.com\/it\/contatto\/","title":{"rendered":"Contatto"},"content":{"rendered":"<p>[et_pb_section fb_built=&#8221;1&#8243; _builder_version=&#8221;4.22.2&#8243; _module_preset=&#8221;default&#8221; global_colors_info=&#8221;{}&#8221;][et_pb_row column_structure=&#8221;1_2,1_2&#8243; _builder_version=&#8221;4.22.2&#8243; _module_preset=&#8221;default&#8221; global_colors_info=&#8221;{}&#8221;][et_pb_column type=&#8221;1_2&#8243; _builder_version=&#8221;4.22.2&#8243; _module_preset=&#8221;default&#8221; global_colors_info=&#8221;{}&#8221;][et_pb_image src=&#8221;https:\/\/barbacoas-argentinas.com\/wp-content\/uploads\/2023\/09\/tienda_barbacoas_argentinas.webp&#8221; alt=&#8221;Negozio di barbecue argentino&#8221; title_text=&#8221;negozio_barbecue_argentino&#8221; _builder_version=&#8221;4.22.2&#8243; _module_preset=&#8221;default&#8221; global_colors_info=&#8221;{}&#8221;][\/et_pb_image][\/et_pb_column][et_pb_column type=&#8221;1_2&#8243; _builder_version=&#8221;4.22.2&#8243; _module_preset=&#8221;default&#8221; global_colors_info=&#8221;{}&#8221;][et_pb_image src=&#8221;https:\/\/barbacoas-argentinas.com\/wp-content\/uploads\/2023\/09\/ubicacion_sat-1.webp&#8221; alt=&#8221;Posizione satellitare Barbacoas Argentinas&#8221; title_text=&#8221;posizione_sat (1)&#8221; _builder_version=&#8221;4.22.2&#8243; _module_preset=&#8221;default&#8221; custom_margin=&#8221;||8px|||&#8221; custom_padding=&#8221;||21px|||&#8221; global_colors_info=&#8221;{}&#8221;][\/et_pb_image][\/et_pb_column][\/et_pb_row][et_pb_row column_structure=&#8221;1_2,1_2&#8243; _builder_version=&#8221;4.22.2&#8243; _module_preset=&#8221;default&#8221; global_colors_info=&#8221;{}&#8221;][et_pb_column type=&#8221;1_2&#8243; _builder_version=&#8221;4.22.2&#8243; _module_preset=&#8221;default&#8221; global_colors_info=&#8221;{}&#8221;][et_pb_text _builder_version=&#8221;4.22.2&#8243; _module_preset=&#8221;default&#8221; custom_margin=&#8221;|-4px||||&#8221; global_colors_info=&#8221;{}&#8221;]<\/p>\n<h1 class=\"font_2 wixui-rich-text__text\"><span class=\"wixui-rich-text__text\">Contatto<\/span><\/h1>\n<h5 class=\"font_5 wixui-rich-text__text\"><span class=\"wixui-rich-text__text\">BARBACOAS ARGENTINAS S.L.<\/span><\/h5>\n<h5 class=\"font_5 wixui-rich-text__text\">Calle los Almendros, 10<\/h5>\n<h5 class=\"font_5 wixui-rich-text__text\">CP 03710, Calpe (Alicante) Spagna<\/h5>\n<h5 class=\"font_5 wixui-rich-text__text\">-Tel\/ +34 965 832 861<\/h5>\n<h5 class=\"font_5 wixui-rich-text__text\">-Whatsapp +34 965 832 861<\/h5>\n<h5 class=\"font_5 wixui-rich-text__text\">-Mobile: +34 655 814 878 &#8211; +34 625 554 071<\/h5>\n<h5 class=\"font_5 wixui-rich-text__text\">Email:<a href=\"mailto:ventas@barbacoas-argentinas.com\" target=\"_self\" class=\"wixui-rich-text__text\" rel=\"noopener\"> <\/a><a data-auto-recognition=\"true\" href=\"mailto:ventasbarbacoasargentinas@gmail.com\" class=\"wixui-rich-text__text\">ventasbarbacoasargentinas@gmail.com<\/a><\/h5>\n<h5 class=\"font_5 wixui-rich-text__text\">Email:<a href=\"mailto:ventas@barbacoas-argentinas.com\" target=\"_self\" class=\"wixui-rich-text__text\" rel=\"noopener\"> <\/a><a data-auto-recognition=\"true\" href=\"mailto:ventas@barbacoas-argentinas.com\" class=\"wixui-rich-text__text\">ventas@barbacoas-argentinas.com<\/a><\/h5>\n<h5 class=\"font_5 wixui-rich-text__text\"><span class=\"wixGuard wixui-rich-text__text\">\u200b<\/span><\/h5>\n<h5 class=\"font_5 wixui-rich-text__text\">Orari estivi<\/h5>\n<h5 class=\"font_5 wixui-rich-text__text\">Da luned\u00ec a gioved\u00ec: 8:30-13:30 e 15:30-18:30<\/h5>\n<h5 class=\"font_5 wixui-rich-text__text\">Venerd\u00ec: 8:30-13:30 <\/h5>\n<h5 class=\"font_5 wixui-rich-text__text\"> <\/h5>\n<p>&nbsp;<\/p>\n<p><span style=\"font-size: medium;\">Il sabato dalle 8:30 alle 14:00 solo su appuntamento.<\/span><\/p>\n<p><span style=\"font-size: medium;\"><\/span><\/p>\n<p>&nbsp;<\/p>\n<p>[\/et_pb_text][\/et_pb_column][et_pb_column type=&#8221;1_2&#8243; _builder_version=&#8221;4.22.2&#8243; _module_preset=&#8221;default&#8221; global_colors_info=&#8221;{}&#8221;][et_pb_image src=&#8221;https:\/\/barbacoas-argentinas.com\/wp-content\/uploads\/2023\/09\/tienda_barbacoas_argentinas_exposicion.webp&#8221; alt=&#8221;Mostra di Barbecue Argentino&#8221; title_text=&#8221;mostra_barbecues_argentini&#8221; align=&#8221;right&#8221; _builder_version=&#8221;4.22.2&#8243; _module_preset=&#8221;default&#8221; custom_margin=&#8221;||19px|-115px||&#8221; global_colors_info=&#8221;{}&#8221;][\/et_pb_image][\/et_pb_column][\/et_pb_row][\/et_pb_section]<\/p>\n","protected":false},"excerpt":{"rendered":"<p>Contatto BARBACOAS ARGENTINAS S.L. Calle los Almendros, 10 CP 03710, Calpe (Alicante) Spagna -Tel\/ +34 965 832 861 -Whatsapp +34 965 832 861 -Mobile: +34 655 814 878 &#8211; +34 625 554 071 Email: ventasbarbacoasargentinas@gmail.com Email: ventas@barbacoas-argentinas.com \u200b Orari estivi Da luned\u00ec a gioved\u00ec: 8:30-13:30 e 15:30-18:30 Venerd\u00ec: 8:30-13:30 &nbsp; Il sabato dalle 8:30 alle [&hellip;]<\/p>\n","protected":false},"author":1,"featured_media":0,"parent":0,"menu_order":0,"comment_status":"closed","ping_status":"closed","template":"","meta":{"_et_pb_use_builder":"on","_et_pb_old_content":"","_et_gb_content_width":"","footnotes":""},"class_list":["post-7502","page","type-page","status-publish","hentry"],"_links":{"self":[{"href":"https:\/\/barbacoas-argentinas.com\/it\/wp-json\/wp\/v2\/pages\/7502","targetHints":{"allow":["GET"]}}],"collection":[{"href":"https:\/\/barbacoas-argentinas.com\/it\/wp-json\/wp\/v2\/pages"}],"about":[{"href":"https:\/\/barbacoas-argentinas.com\/it\/wp-json\/wp\/v2\/types\/page"}],"author":[{"embeddable":true,"href":"https:\/\/barbacoas-argentinas.com\/it\/wp-json\/wp\/v2\/users\/1"}],"replies":[{"embeddable":true,"href":"https:\/\/barbacoas-argentinas.com\/it\/wp-json\/wp\/v2\/comments?post=7502"}],"version-history":[{"count":0,"href":"https:\/\/barbacoas-argentinas.com\/it\/wp-json\/wp\/v2\/pages\/7502\/revisions"}],"wp:attachment":[{"href":"https:\/\/barbacoas-argentinas.com\/it\/wp-json\/wp\/v2\/media?parent=7502"}],"curies":[{"name":"wp","href":"https:\/\/api.w.org\/{rel}","templated":true}]}}