{"id":8548,"date":"2023-08-25T09:46:18","date_gmt":"2023-08-25T09:46:18","guid":{"rendered":"https:\/\/barbacoas-argentinas.com\/non%20class\u00e9\/barbecue-maconne-prefabrique-binelli-3-su\/"},"modified":"2026-04-13T11:43:30","modified_gmt":"2026-04-13T11:43:30","slug":"barbecue-maconne-prefabrique-binelli-3-su","status":"publish","type":"product","link":"https:\/\/barbacoas-argentinas.com\/fr\/barbacoas-obra-mas-vendidas-fr\/barbecue-maconne-prefabrique-binelli-3-su\/","title":{"rendered":"Barbecue ma\u00e7onn\u00e9 Pr\u00e9fabriqu\u00e9 Binelli #3 SU"},"content":{"rendered":"<div class=\"_6s2bg fggS- cell\">\n<h2 class=\"Text3027143737__root Text3027143737---typography-11-runningText Text3027143737---priority-7-primary s8gg2 _149OH InfoSectionTitle3095652555__root\" aria-hidden=\"false\" data-hook=\"info-section-title\"><span style=\"font-size: 14pt;\"><strong>NOTICE DE MONTAGE BINELLI N02<\/strong><\/span><\/h2>\n<div class=\"WncCi\" data-hook=\"info-section-description\">\n<p>Dimensions externes (L x P x H) : 1,56 x 0,75 x 2,50 m<br \/>\nDimensions internes (L x P) : 1,33 x 0,62 m<br \/>\nSurface utile de la grille (L x P) : 1,24 x 0,60 m<br \/>\nPoids du produit (brut) : 975 kg<\/p>\n<p>Avec foyer : Surface utile de la grille avec foyer : 1,05 x 0,60 m Dimensions du foyer : 0,25 x 0,60 m<\/p>\n<\/div>\n<p>_____________________________________<\/p>\n<p><a href=\"https:\/\/barbacoas-argentinas.com\/wp-content\/uploads\/2023\/08\/Instructivo-armado-MESADA-N03.pdf\" target=\"_blank\" rel=\"noopener\">Notice de montage BINELLI N03<\/a><\/p>\n<p><iframe loading=\"lazy\" title=\"Instalaci\u00f3n Premoldeada Binelli N03 z\" width=\"1080\" height=\"608\" src=\"https:\/\/www.youtube.com\/embed\/2hpWNSy5Qv8?feature=oembed\"  allow=\"accelerometer; autoplay; clipboard-write; encrypted-media; gyroscope; picture-in-picture; web-share\" referrerpolicy=\"strict-origin-when-cross-origin\" allowfullscreen><\/iframe><\/p>\n<p>Le <strong>barbecue ma\u00e7onn\u00e9 Binelli<\/strong> #3 SU est le choix parfait pour ceux qui aiment organiser de grandes r\u00e9unions en plein air. Sa structure spacieuse et son <strong>design robuste<\/strong> permettent de cuisiner confortablement pour de grands groupes, en garantissant toujours les meilleurs r\u00e9sultats.<\/p>\n<p>Fabriqu\u00e9 avec des mat\u00e9riaux de haute qualit\u00e9, ce barbecue se distingue par sa r\u00e9sistance et sa durabilit\u00e9. Sa conception int\u00e8gre une grille de grande taille, id\u00e9ale pour cuire diff\u00e9rents types d&rsquo;aliments simultan\u00e9ment, des viandes aux l\u00e9gumes.<\/p>\n<p>Ce <strong>barbecue ma\u00e7onn\u00e9<\/strong> traditionnel est la combinaison parfaite de style et de fonctionnalit\u00e9 pour profiter de moments inoubliables en famille ou entre amis.<\/p>\n<\/div>\n","protected":false},"excerpt":{"rendered":"<p>Barbecues pr\u00e9fabriqu\u00e9s en b\u00e9ton avec parties en briques r\u00e9fractaires. \u00c9quip\u00e9s de grilles \u00e9maill\u00e9es r\u00e9glables en hauteur via un m\u00e9canisme \u00e0 manivelle et amovibles pour le nettoyage.<br \/>\nGrilles en forme de V pour r\u00e9cup\u00e9rer les graisses dans le bac \u00e0 graisse frontal amovible. Ce mod\u00e8le comprend 2 grilles : 2 grandes et 1 petite, et offre la possibilit\u00e9 d&rsquo;acheter un accessoire plancha \u00e0 interchanger avec un module de grille.<br \/>\nCe mod\u00e8le accepte les paellas de 70 cm de diam\u00e8tre.<br \/>\nCe mod\u00e8le dispose d&rsquo;un espace d\u00e9di\u00e9 pour le feu o\u00f9 il est possible de placer du bois ou du charbon. Il propose en option des portes et des couvercles en inox ou noirs, ainsi qu&rsquo;un plan de travail optionnel \u00e0 ajouter.<br \/>\nMod\u00e8le le plus vendu pour sa capacit\u00e9 et sa polyvalence ; ce barbecue permet de servir 12 \u00e0 14 personnes.<\/p>\n","protected":false},"featured_media":4382,"template":"","meta":{"_et_pb_use_builder":"","_et_pb_old_content":"","_et_gb_content_width":""},"product_brand":[],"product_cat":[264,261],"product_tag":[],"class_list":{"0":"post-8548","1":"product","2":"type-product","3":"status-publish","4":"has-post-thumbnail","6":"product_cat-barbacoas-obra-mas-vendidas-fr","7":"product_cat-barbecue-fixe","8":"product_shipping_class-barbecues-en-maconnerie-binelli-n-2-et-su","10":"first","11":"instock","12":"taxable","13":"shipping-taxable","14":"purchasable","15":"product-type-variable","16":"has-default-attributes"},"_links":{"self":[{"href":"https:\/\/barbacoas-argentinas.com\/fr\/wp-json\/wp\/v2\/product\/8548","targetHints":{"allow":["GET"]}}],"collection":[{"href":"https:\/\/barbacoas-argentinas.com\/fr\/wp-json\/wp\/v2\/product"}],"about":[{"href":"https:\/\/barbacoas-argentinas.com\/fr\/wp-json\/wp\/v2\/types\/product"}],"wp:featuredmedia":[{"embeddable":true,"href":"https:\/\/barbacoas-argentinas.com\/fr\/wp-json\/wp\/v2\/media\/4382"}],"wp:attachment":[{"href":"https:\/\/barbacoas-argentinas.com\/fr\/wp-json\/wp\/v2\/media?parent=8548"}],"wp:term":[{"taxonomy":"product_brand","embeddable":true,"href":"https:\/\/barbacoas-argentinas.com\/fr\/wp-json\/wp\/v2\/product_brand?post=8548"},{"taxonomy":"product_cat","embeddable":true,"href":"https:\/\/barbacoas-argentinas.com\/fr\/wp-json\/wp\/v2\/product_cat?post=8548"},{"taxonomy":"product_tag","embeddable":true,"href":"https:\/\/barbacoas-argentinas.com\/fr\/wp-json\/wp\/v2\/product_tag?post=8548"}],"curies":[{"name":"wp","href":"https:\/\/api.w.org\/{rel}","templated":true}]}}