{"id":7493,"date":"2023-09-12T11:55:23","date_gmt":"2023-09-12T11:55:23","guid":{"rendered":"https:\/\/barbacoas-argentinas.com\/contact\/"},"modified":"2026-04-08T19:11:23","modified_gmt":"2026-04-08T19:11:23","slug":"contact","status":"publish","type":"page","link":"https:\/\/barbacoas-argentinas.com\/fr\/contact\/","title":{"rendered":"Contact"},"content":{"rendered":"<p>[et_pb_section fb_built=\u00a0\u00bb1&Prime; _builder_version=\u00a0\u00bb4.22.2&Prime; _module_preset=\u00a0\u00bbdefault\u00a0\u00bb global_colors_info=\u00a0\u00bb{}\u00a0\u00bb][et_pb_row column_structure=\u00a0\u00bb1_2,1_2&Prime; _builder_version=\u00a0\u00bb4.22.2&Prime; _module_preset=\u00a0\u00bbdefault\u00a0\u00bb global_colors_info=\u00a0\u00bb{}\u00a0\u00bb][et_pb_column type=\u00a0\u00bb1_2&Prime; _builder_version=\u00a0\u00bb4.22.2&Prime; _module_preset=\u00a0\u00bbdefault\u00a0\u00bb global_colors_info=\u00a0\u00bb{}\u00a0\u00bb][et_pb_image src=\u00a0\u00bbhttps:\/\/barbacoas-argentinas.com\/wp-content\/uploads\/2023\/09\/tienda_barbacoas_argentinas.webp\u00a0\u00bb alt=\u00a0\u00bbMagasin de barbecues argentins\u00a0\u00bb title_text=\u00a0\u00bbboutique_barbecue_argentin\u00a0\u00bb _builder_version=\u00a0\u00bb4.22.2&Prime; _module_preset=\u00a0\u00bbdefault\u00a0\u00bb global_colors_info=\u00a0\u00bb{}\u00a0\u00bb][\/et_pb_image][\/et_pb_column][et_pb_column type=\u00a0\u00bb1_2&Prime; _builder_version=\u00a0\u00bb4.22.2&Prime; _module_preset=\u00a0\u00bbdefault\u00a0\u00bb global_colors_info=\u00a0\u00bb{}\u00a0\u00bb][et_pb_image src=\u00a0\u00bbhttps:\/\/barbacoas-argentinas.com\/wp-content\/uploads\/2023\/09\/ubicacion_sat-1.webp\u00a0\u00bb alt=\u00a0\u00bbLocalisation du satellite Barbacoas Argentinas\u00a0\u00bb title_text=\u00a0\u00bblocation_sat (1)\u00a0\u00bb _builder_version=\u00a0\u00bb4.22.2&Prime; _module_preset=\u00a0\u00bbdefault\u00a0\u00bb custom_margin=\u00a0\u00bb||8px|||\u00a0\u00bb custom_padding=\u00a0\u00bb||21px|||\u00a0\u00bb global_colors_info=\u00a0\u00bb{}\u00a0\u00bb][\/et_pb_image][\/et_pb_column][\/et_pb_row][et_pb_row column_structure=\u00a0\u00bb1_2,1_2&Prime; _builder_version=\u00a0\u00bb4.22.2&Prime; _module_preset=\u00a0\u00bbdefault\u00a0\u00bb global_colors_info=\u00a0\u00bb{}\u00a0\u00bb][et_pb_column type=\u00a0\u00bb1_2&Prime; _builder_version=\u00a0\u00bb4.22.2&Prime; _module_preset=\u00a0\u00bbdefault\u00a0\u00bb global_colors_info=\u00a0\u00bb{}\u00a0\u00bb][et_pb_text _builder_version=\u00a0\u00bb4.22.2&Prime; _module_preset=\u00a0\u00bbdefault\u00a0\u00bb custom_margin=\u00a0\u00bb|-4px||||\u00a0\u00bb global_colors_info=\u00a0\u00bb{}\u00a0\u00bb]<\/p>\n<h1 class=\"font_2 wixui-rich-text__text\"><span class=\"wixui-rich-text__text\">Contact<\/span><\/h1>\n<h5 class=\"font_5 wixui-rich-text__text\"><span class=\"wixui-rich-text__text\">BARBACOAS ARGENTINAS S.L.<\/span><\/h5>\n<h5 class=\"font_5 wixui-rich-text__text\">Rue los Almendros, 10<\/h5>\n<h5 class=\"font_5 wixui-rich-text__text\">CP 03710, Calpe (Alicante) Espa\u00f1a<\/h5>\n<h5 class=\"font_5 wixui-rich-text__text\">-Tel\/ +34 965 832 861<\/h5>\n<h5 class=\"font_5 wixui-rich-text__text\">-Whatsapp +34 965 832 861<\/h5>\n<h5 class=\"font_5 wixui-rich-text__text\">-Movil: +34 655 814 878 &#8211; +34 625 554 071<\/h5>\n<h5 class=\"font_5 wixui-rich-text__text\">-Email:<a href=\"mailto:ventas@barbacoas-argentinas.com\" target=\"_self\" class=\"wixui-rich-text__text\" rel=\"noopener\"> <\/a><a data-auto-recognition=\"true\" href=\"mailto:ventasbarbacoasargentinas@gmail.com\" class=\"wixui-rich-text__text\">ventasbarbacoasargentinas@gmail.com<\/a><\/h5>\n<h5 class=\"font_5 wixui-rich-text__text\">-Email:<a href=\"mailto:ventas@barbacoas-argentinas.com\" target=\"_self\" class=\"wixui-rich-text__text\" rel=\"noopener\"> <\/a><a data-auto-recognition=\"true\" href=\"mailto:ventas@barbacoas-argentinas.com\" class=\"wixui-rich-text__text\">ventas@barbacoas-argentinas.com<\/a><\/h5>\n<h5 class=\"font_5 wixui-rich-text__text\"><span class=\"wixGuard wixui-rich-text__text\">\u200b<\/span><\/h5>\n<h5 class=\"font_5 wixui-rich-text__text\">Horaires d&rsquo;\u00e9t\u00e9<\/h5>\n<h5 class=\"font_5 wixui-rich-text__text\">Lundi \u00e0 jeudi : 8h30\u201313h30 et 15h30\u201318h30<\/h5>\n<h5 class=\"font_5 wixui-rich-text__text\">Vendredi : 8h30\u201313h30 <\/h5>\n<h5 class=\"font_5 wixui-rich-text__text\"> <\/h5>\n<p>&nbsp;<\/p>\n<p><span style=\"font-size: medium;\">Samedi : 8h30\u201314h00 sur rendez-vous uniquement<\/span><\/p>\n<p><span style=\"font-size: medium;\"><\/span><\/p>\n<p>&nbsp;<\/p>\n<p>[\/et_pb_text][\/et_pb_column][et_pb_column type=\u00a0\u00bb1_2&Prime; _builder_version=\u00a0\u00bb4.22.2&Prime; _module_preset=\u00a0\u00bbdefault\u00a0\u00bb global_colors_info=\u00a0\u00bb{}\u00a0\u00bb][et_pb_image src=\u00a0\u00bbhttps:\/\/barbacoas-argentinas.com\/wp-content\/uploads\/2023\/09\/tienda_barbacoas_argentinas_exposicion.webp\u00a0\u00bb alt=\u00a0\u00bbExposition sur les barbecues argentins\u00a0\u00bb title_text=\u00a0\u00bbexposition de la boutique argentine de barbecues\u00a0\u00bb align=\u00a0\u00bbright\u00a0\u00bb _builder_version=\u00a0\u00bb4.22.2&Prime; _module_preset=\u00a0\u00bbdefault\u00a0\u00bb custom_margin=\u00a0\u00bb||19px|-115px||\u00a0\u00bb global_colors_info=\u00a0\u00bb{}\u00a0\u00bb][\/et_pb_image][\/et_pb_column][\/et_pb_row][\/et_pb_section]<\/p>\n","protected":false},"excerpt":{"rendered":"<p>Contact BARBACOAS ARGENTINAS S.L. Rue los Almendros, 10 CP 03710, Calpe (Alicante) Espa\u00f1a -Tel\/ +34 965 832 861 -Whatsapp +34 965 832 861 -Movil: +34 655 814 878 &#8211; +34 625 554 071 -Email: ventasbarbacoasargentinas@gmail.com -Email: ventas@barbacoas-argentinas.com \u200b Horaires d&rsquo;\u00e9t\u00e9 Lundi \u00e0 jeudi : 8h30\u201313h30 et 15h30\u201318h30 Vendredi : 8h30\u201313h30 &nbsp; Samedi : 8h30\u201314h00 sur [&hellip;]<\/p>\n","protected":false},"author":1,"featured_media":0,"parent":0,"menu_order":0,"comment_status":"closed","ping_status":"closed","template":"","meta":{"_et_pb_use_builder":"on","_et_pb_old_content":"","_et_gb_content_width":"","footnotes":""},"class_list":["post-7493","page","type-page","status-publish","hentry"],"_links":{"self":[{"href":"https:\/\/barbacoas-argentinas.com\/fr\/wp-json\/wp\/v2\/pages\/7493","targetHints":{"allow":["GET"]}}],"collection":[{"href":"https:\/\/barbacoas-argentinas.com\/fr\/wp-json\/wp\/v2\/pages"}],"about":[{"href":"https:\/\/barbacoas-argentinas.com\/fr\/wp-json\/wp\/v2\/types\/page"}],"author":[{"embeddable":true,"href":"https:\/\/barbacoas-argentinas.com\/fr\/wp-json\/wp\/v2\/users\/1"}],"replies":[{"embeddable":true,"href":"https:\/\/barbacoas-argentinas.com\/fr\/wp-json\/wp\/v2\/comments?post=7493"}],"version-history":[{"count":0,"href":"https:\/\/barbacoas-argentinas.com\/fr\/wp-json\/wp\/v2\/pages\/7493\/revisions"}],"wp:attachment":[{"href":"https:\/\/barbacoas-argentinas.com\/fr\/wp-json\/wp\/v2\/media?parent=7493"}],"curies":[{"name":"wp","href":"https:\/\/api.w.org\/{rel}","templated":true}]}}